{"id":395,"date":"2025-09-30T08:10:26","date_gmt":"2025-09-30T08:10:26","guid":{"rendered":"https:\/\/elsteamsust.uav.ro\/?page_id=395"},"modified":"2025-12-08T07:48:44","modified_gmt":"2025-12-08T07:48:44","slug":"fto","status":"publish","type":"page","link":"https:\/\/elsteamsust.uav.ro\/?page_id=395","title":{"rendered":"Facultatea de Teologie Ortodox\u0103 &#8220;Ilarion V. Felea&#8221;"},"content":{"rendered":"\n<p>1. M\u0103rturii despre via\u021ba \u0219i activitatea Sf\u00e2ntul Preot Mucenic Ilarion Felea \u00eemp\u0103rt\u0103\u0219ite elevilor din Buteni<\/p>\n\n\n\n<p>&nbsp;&nbsp;&nbsp;&nbsp;&nbsp;&nbsp;&nbsp;&nbsp;&nbsp;&nbsp;&nbsp;&nbsp;&nbsp;&nbsp;&nbsp;&nbsp;&nbsp;&nbsp;\u00cen ziua de 22 octombrie 2025, Facultatea de Teologie Ortodox\u0103 \u201eIlarion V. Felea\u201d a Universit\u0103\u021bii \u201eAurel Vlaicu\u201d din Arad i-a avut ca oaspe\u021bi pe c\u00e2\u021biva din elevii de gimnaziu ai \u0218colii din Buteni, jud. Arad.<\/p>\n\n\n\n<p>&nbsp;&nbsp;&nbsp;&nbsp;&nbsp;&nbsp;&nbsp;&nbsp;&nbsp;&nbsp;&nbsp;&nbsp;&nbsp;&nbsp;&nbsp;&nbsp;&nbsp;&nbsp;Cu acest prilej, Pr. Conf. Univ. Dr. Lucian Farca\u0219iu \u0219i Pr. Lect. Univ. Dr. Filip Albu, le-au prezentat c\u00e2teva informa\u021bii despre via\u021ba \u0219i activitatea Sf\u00e2ntului Preot Mucenic Ilarion Felea, eviden\u021biindu-se implicarea acestuia \u00een lucrarea didactic-pastoral\u0103 cu tinerii. De asemenea, a fost subliniat \u0219i aportul s\u0103u pentru promovarea activit\u0103\u021bilor cultural-\u0219tiin\u021bifice \u0219i sportive, spre deplina formare a personalit\u0103\u021bii tinerilor.<\/p>\n\n\n\n<p>&nbsp;&nbsp;&nbsp;&nbsp;&nbsp;&nbsp;&nbsp;&nbsp;&nbsp;&nbsp;&nbsp;&nbsp;&nbsp;&nbsp;&nbsp;&nbsp;&nbsp;&nbsp;Ca semn al particip\u0103rii lor la aceast\u0103 activitate, le-au fost \u00eemp\u0103r\u021bite c\u0103rticele cu Acatistul \u0219i iconi\u021be ale Sf\u00e2ntului Preot Mucenic Ilarion.<\/p>\n\n\n\n<figure class=\"wp-block-image size-full\"><img loading=\"lazy\" decoding=\"async\" width=\"640\" height=\"427\" src=\"https:\/\/elsteamsust.uav.ro\/wp-content\/uploads\/2025\/12\/image.jpeg\" alt=\"\" class=\"wp-image-966\" srcset=\"https:\/\/elsteamsust.uav.ro\/wp-content\/uploads\/2025\/12\/image.jpeg 640w, https:\/\/elsteamsust.uav.ro\/wp-content\/uploads\/2025\/12\/image-300x200.jpeg 300w\" sizes=\"auto, (max-width: 640px) 100vw, 640px\" \/><\/figure>\n\n\n\n<figure class=\"wp-block-image size-full\"><img loading=\"lazy\" decoding=\"async\" width=\"640\" height=\"427\" src=\"https:\/\/elsteamsust.uav.ro\/wp-content\/uploads\/2025\/12\/image-1.jpeg\" alt=\"\" class=\"wp-image-967\" srcset=\"https:\/\/elsteamsust.uav.ro\/wp-content\/uploads\/2025\/12\/image-1.jpeg 640w, https:\/\/elsteamsust.uav.ro\/wp-content\/uploads\/2025\/12\/image-1-300x200.jpeg 300w\" sizes=\"auto, (max-width: 640px) 100vw, 640px\" \/><\/figure>\n\n\n\n<p>2.&nbsp;&nbsp;Prilej de dialog duhovnicesc \u0219i pentru tinerii liceeni din cls. a IX-a A, a IX-a B \u0219i a X-a A din cadrul Colegiului Na\u021bional \u201ePreparandia\u2013Dimitrie \u021aichindeal\u201d din Arad. Ace\u0219tia s-au \u00eent\u00e2lnit \u00eentr-un cadru colocvial \u0219i non-formal cu Protos. lect. univ. dr. Nicolae M. Tang, cadru didactic al Facult\u0103\u021bii de Teologie Ortodox\u0103 \u201eIlarion V. Felea\u201d din Arad, fost elev \u0219i profesor al acestui liceu.<\/p>\n\n\n\n<p>&nbsp;&nbsp;&nbsp;&nbsp;&nbsp;&nbsp;&nbsp;&nbsp;&nbsp;&nbsp;&nbsp;&nbsp;&nbsp;&nbsp;&nbsp;&nbsp;&nbsp;&nbsp;Tema prezentat\u0103 s-a intitulat \u201eCe ofer\u0103 ast\u0103zi Biserica tinerilor?\u201d. \u00cencerc\u00e2nd s\u0103 r\u0103spund\u0103 la aceast\u0103 \u00eentrebare, vorbitorul a f\u0103cut o introducere diferen\u021biind dou\u0103 concepte esen\u021biale pe care le-a tr\u0103it \u0219i le tr\u0103ie\u0219te omenirea \u201ea fi\u201d \u0219i \u201ea face\u201d. \u00cen continuare a prezentat trei direc\u021bii principale sau mai bine zis, trei principii esen\u021biale pe care Biserica le ofer\u0103 ast\u0103zi tinerilor, \u0219i anume: nevoia de spiritualitate, care este proprie oric\u0103rui om. \u00cen aceast\u0103 idee a prezentat virtu\u021bile ca mijloace de des\u0103v\u00e2r\u0219ire a oric\u0103rui cre\u0219tin, un program de via\u021b\u0103 pentru fiecare t\u00e2n\u0103r. Al doilea principiu sau a doua direc\u021bie s-a referit la identitatea pe care Biserica Ortodox\u0103 o ofer\u0103 \u00een mod special tinerilor, identitate legat\u0103 de trecutul \u0219i istoria acestui neam care sunt esen\u021biale \u00een conduita \u0219i educarea fiec\u0103rui t\u00e2n\u0103r. Al treilea principiu sau a treia direc\u021bie s-a legat de echilibrul pe care Biserica \u00eel ofer\u0103 celor care se apropie cu \u00eencredere de ea, \u00een special tinerilor, care caut\u0103 modele de echilibru \u0219i perspective. De 2000 de ani Biserica ofer\u0103 acest lucru tuturor fiilor Ei, dar \u00een special tinerilor care se afl\u0103 \u00eentr-o permanent\u0103 c\u0103utare \u0219i c\u0103rora le este propice adresarea unor \u00eentreb\u0103ri de natur\u0103 existen\u021bial\u0103.<\/p>\n\n\n\n<figure class=\"wp-block-image size-full\"><img loading=\"lazy\" decoding=\"async\" width=\"1000\" height=\"750\" src=\"https:\/\/elsteamsust.uav.ro\/wp-content\/uploads\/2025\/12\/image-2.jpeg\" alt=\"\" class=\"wp-image-970\" srcset=\"https:\/\/elsteamsust.uav.ro\/wp-content\/uploads\/2025\/12\/image-2.jpeg 1000w, https:\/\/elsteamsust.uav.ro\/wp-content\/uploads\/2025\/12\/image-2-300x225.jpeg 300w, https:\/\/elsteamsust.uav.ro\/wp-content\/uploads\/2025\/12\/image-2-768x576.jpeg 768w\" sizes=\"auto, (max-width: 1000px) 100vw, 1000px\" \/><\/figure>\n\n\n\n<p>3.&nbsp;La Colegiul Na\u021bional \u201ePreparandia\u201d- \u201eDimitrie \u021aichindeal\u201d din municipiul Arad, a avut loc o activitate didactic\u0103 \u00een care p\u0103rintele Flavius Laz\u0103r, profesor de religie \u00een cadrul colegiului, a prezentat elevilor o serie de date privitoare la via\u021ba \u0219i opera p\u0103rintelui Ilarion Felea, fiind proiectat \u0219i un fragment din filmul realizat de Trinitas TV \u00een cinstea canoniz\u0103rii sf\u00e2ntului. \u00cen ultima parte a evenimentului, P\u0103rintele profesor Albu a descris \u00een fa\u021ba participan\u021bilor c\u00e2teva dintre activit\u0103\u021bile proiectate cu acest prilej de c\u0103tre institu\u021bia academic\u0103 ar\u0103dean\u0103.<\/p>\n\n\n\n<figure class=\"wp-block-image size-full\"><img loading=\"lazy\" decoding=\"async\" width=\"768\" height=\"432\" src=\"https:\/\/elsteamsust.uav.ro\/wp-content\/uploads\/2025\/12\/image-9.jpeg\" alt=\"\" class=\"wp-image-976\" srcset=\"https:\/\/elsteamsust.uav.ro\/wp-content\/uploads\/2025\/12\/image-9.jpeg 768w, https:\/\/elsteamsust.uav.ro\/wp-content\/uploads\/2025\/12\/image-9-300x169.jpeg 300w\" sizes=\"auto, (max-width: 768px) 100vw, 768px\" \/><\/figure>\n\n\n\n<p>4. Demersul academic de popularizare a continuat la colegiul Na\u021bional \u201eMoise Nicoar\u0103\u201d din Arad. Aici, doamna profesoar\u0103 Viorica \u0218andor, profesor de religie, \u00eempreun\u0103 cu domnul profesor Cosmin Col\u021bun, profesor de filosofie, au realizat o activitate interdisciplinar\u0103 \u00eempreun\u0103 cu elevii clasei a X-a B, profil matematic\u0103-informatic\u0103. \u00cen prima parte, a fost ini\u021biat un joc didactic prin care elevii au descoperit caracteristicile sfin\u021benie \u00eentrupate \u00een vie\u021bile sfin\u021bilor. Elevele Mihaela Fica \u0219i Sonia Moldovan le-au prezentat colegilor lor o scurt\u0103 bio-bibliografie a Sf\u00e2ntului P\u0103rinte. Apoi, profesorul Col\u021bun a \u00eentreprins o scurt\u0103 incursiune \u00een temele propuse de volumul Religia culturii, volum ce poart\u0103 semn\u0103tura P\u0103rintelui Felea. \u00cen partea final\u0103, P\u0103rintele Filip Albu a marcat aspectul inedit dat de faptul c\u0103 Sf\u00e2ntul P\u0103rinte mucenic Ilarion a fost elev al acestui liceu. \u00cen continuarea prezent\u0103rii, au fost oferite detalii despre motivele \u0219i procesul canoniz\u0103rii acestuia de c\u0103tre Biserica Ortodox\u0103 Rom\u00e2n\u0103.<\/p>\n\n\n\n<figure class=\"wp-block-image size-full\"><img loading=\"lazy\" decoding=\"async\" width=\"768\" height=\"576\" src=\"https:\/\/elsteamsust.uav.ro\/wp-content\/uploads\/2025\/12\/image-3.jpeg\" alt=\"\" class=\"wp-image-969\" srcset=\"https:\/\/elsteamsust.uav.ro\/wp-content\/uploads\/2025\/12\/image-3.jpeg 768w, https:\/\/elsteamsust.uav.ro\/wp-content\/uploads\/2025\/12\/image-3-300x225.jpeg 300w\" sizes=\"auto, (max-width: 768px) 100vw, 768px\" \/><\/figure>\n\n\n\n<p>5. \u00cen sala de festiv\u0103 a Colegiului Economic din Arad, elevii mai multor clase au fost prezen\u021bi la manifestarea amintit\u0103. Elevii Karina Grodei \u0219i Claudia \u0218erb, coordona\u021bi de doamna profesor Veronica Sirca; elevii Elis Chihaia \u0219i David Cioclu\u021b coordona\u021bi de doamna profesor Mirela&nbsp;&nbsp;Pop; elevele Amalia Curtuiu\u0219 \u0219i Maria Navarro, coordona\u021bi de domnul profesor&nbsp;&nbsp;Mircea Cisma\u0219; elevul Luca Daniil Popa, coordonat de doamna profesor Liliana Necula \u0219i elevele Sarah Dulovecz \u0219i Sonia Hada, coordonate de doamna profesor Felicia Barbura au prezentat referate despre raportul dintre religia cre\u0219tin\u0103 \u0219i progres, \u0219tiin\u021b\u0103, cultur\u0103 european\u0103 \u0219i art\u0103, pe baza lucr\u0103rii Sf\u00e2ntului Ilarion Felea, Religia culturii. Apoi, P\u0103rintele profesor Filip Albu le-a vorbit elevilor despre via\u021ba acestei mari personalit\u0103\u021bi ar\u0103dene, care a devenit primul sf\u00e2nt recunoscut al locului.<\/p>\n\n\n\n<figure class=\"wp-block-image size-full\"><img loading=\"lazy\" decoding=\"async\" width=\"1000\" height=\"750\" src=\"https:\/\/elsteamsust.uav.ro\/wp-content\/uploads\/2025\/12\/image-4.jpeg\" alt=\"\" class=\"wp-image-971\" srcset=\"https:\/\/elsteamsust.uav.ro\/wp-content\/uploads\/2025\/12\/image-4.jpeg 1000w, https:\/\/elsteamsust.uav.ro\/wp-content\/uploads\/2025\/12\/image-4-300x225.jpeg 300w, https:\/\/elsteamsust.uav.ro\/wp-content\/uploads\/2025\/12\/image-4-768x576.jpeg 768w\" sizes=\"auto, (max-width: 1000px) 100vw, 1000px\" \/><\/figure>\n\n\n\n<p>6. la Liceul Tehnologic \u201e\u0218tefan Hell\u201d din localitatea S\u00e2ntana, \u00een prezen\u021ba preo\u021bilor parohi Nicolae R\u0103dulescu \u0219i Adrian Crainic, domnul profesor de religie, dr. Beniamin-Ioan Geolde\u0219, le-a prezentat elevilor c\u00e2teva date legate de Centenarul Patriarhiei Rom\u00e2ne, amintind audien\u021bei \u0219i faptul c\u0103 parohia S\u00e2ntana \u00ee\u0219i serbeaz\u0103 de asemenea centenarul. \u00cen activitatea \u00eentreprins\u0103 au fost implicate elevele din clasa a XI-a B. Eleva Bianca Dinu, cu un moment poetic, realiz\u00e2nd \u0219i o selec\u021bie de texte referitoare la receptarea P\u0103rintelui Felea \u00een con\u0219tiin\u021ba contemporanilor, dup\u0103 lucrarea recent ap\u0103rut\u0103 (Pr. prof. univ. dr. Cristinel Ioja, Sf\u00e2ntul preot mucenic Ilarion Felea \u00een con\u0219tiin\u021ba contemporanilor). Eleva Roberta Nagy a eviden\u021biat modele familiale a\u0219a cum se reflect\u0103 \u00een lucrarea Ziuar personal, jurnalul P\u0103rintelui Felea. Eleva Arina Andru a analizat raportul Religie\u2013Sport, a\u0219a cum apare \u00een lucrarea Religia culturii, iar eleva Silvani Har\u0219ani a recitat c\u00e2teva fragmente de rug\u0103ciune din opera Sf\u00e2ntului Ilarion Felea.<\/p>\n\n\n\n<figure class=\"wp-block-image size-full\"><img loading=\"lazy\" decoding=\"async\" width=\"1000\" height=\"750\" src=\"https:\/\/elsteamsust.uav.ro\/wp-content\/uploads\/2025\/12\/image-2.jpeg\" alt=\"\" class=\"wp-image-968\" srcset=\"https:\/\/elsteamsust.uav.ro\/wp-content\/uploads\/2025\/12\/image-2.jpeg 1000w, https:\/\/elsteamsust.uav.ro\/wp-content\/uploads\/2025\/12\/image-2-300x225.jpeg 300w, https:\/\/elsteamsust.uav.ro\/wp-content\/uploads\/2025\/12\/image-2-768x576.jpeg 768w\" sizes=\"auto, (max-width: 1000px) 100vw, 1000px\" \/><\/figure>\n\n\n\n<p>7. La Colegiului Na\u021bional Pedagogic \u201eRegina Maria\u201d din Deva, sub coordonarea preotului Lect. Univ. Dr. Gabriel Basa. Aici, domnul profesor de religie Gabriel Tripa, directorul acestui liceu, a prezentat elevilor aspecte relevante din via\u021ba, activitatea \u0219i \u00eenv\u0103\u021b\u0103turile Sf\u00e2ntului Ilarion Felea. Acestea au fost completate cu m\u0103rturii despre jertfa muceniceasc\u0103 a acestuia, consemnate de unii dintre supravie\u021buitorii \u00eenchisorilor \u0219i lag\u0103relor din timpul regimului comunist. Despre slujirea dar mai ales despre superioritatea tr\u0103irii adev\u0103rului m\u0103rturisit de acest sf\u00e2nt, n\u0103scut pe plaiurile hunedorene, a vorbit coordonatorul&nbsp;&nbsp;evenimentului.<\/p>\n\n\n\n<figure class=\"wp-block-image size-full\"><img loading=\"lazy\" decoding=\"async\" width=\"1000\" height=\"424\" src=\"https:\/\/elsteamsust.uav.ro\/wp-content\/uploads\/2025\/12\/image-5.jpeg\" alt=\"\" class=\"wp-image-972\" srcset=\"https:\/\/elsteamsust.uav.ro\/wp-content\/uploads\/2025\/12\/image-5.jpeg 1000w, https:\/\/elsteamsust.uav.ro\/wp-content\/uploads\/2025\/12\/image-5-300x127.jpeg 300w, https:\/\/elsteamsust.uav.ro\/wp-content\/uploads\/2025\/12\/image-5-768x326.jpeg 768w\" sizes=\"auto, (max-width: 1000px) 100vw, 1000px\" \/><\/figure>\n\n\n\n<p>8. \u0218irul manifest\u0103rilor a continuat la Liceul Teoretic \u201eAvram Iancu\u201d din Brad, singurul din cele \u0219ase gimnazii rom\u00e2ne\u0219ti prev\u0103zute a fi \u00eenfiin\u021bate de c\u0103tre Sf\u00e2ntul Ierarh Andrei \u0218aguna \u0219i care func\u021bioneaz\u0103 din anul 1869 ne\u00eentrerupt. Conferin\u021ba dedicat\u0103 Sf\u00e2ntului Ilarion a fost prezentat\u0103 de profesorul de religie Gheorghe-Liorean Banciu. Ineditul acestei evoc\u0103ri se leag\u0103 \u0219i de faptul c\u0103 \u0219coala acesta este cea \u00een care Sf\u00e2ntul Pr. Mc. Ilarion Felea a urmat cursurile gimnaziale dar \u0219i locul \u00een care avea s\u0103 debuteze ca \u0219i cadru didactic mai \u00eenainte de a deveni profesor de teologie \u00een Arad. Cei prezen\u021bi la eveniment au avut bucuria de a-l cunoa\u0219te \u0219i asculta pe nepotul de sor\u0103 al p\u0103rintelui Felea.<\/p>\n\n\n\n<figure class=\"wp-block-image size-full\"><img loading=\"lazy\" decoding=\"async\" width=\"1000\" height=\"549\" src=\"https:\/\/elsteamsust.uav.ro\/wp-content\/uploads\/2025\/12\/image-6.jpeg\" alt=\"\" class=\"wp-image-973\" srcset=\"https:\/\/elsteamsust.uav.ro\/wp-content\/uploads\/2025\/12\/image-6.jpeg 1000w, https:\/\/elsteamsust.uav.ro\/wp-content\/uploads\/2025\/12\/image-6-300x165.jpeg 300w, https:\/\/elsteamsust.uav.ro\/wp-content\/uploads\/2025\/12\/image-6-768x422.jpeg 768w\" sizes=\"auto, (max-width: 1000px) 100vw, 1000px\" \/><\/figure>\n\n\n\n<p>9. La Colegiul Economic \u201eEmanuil Gojdu\u201d din Hunedoara, conferin\u021ba de aici fiind sus\u021binut\u0103 de doamna profesor de religie Dalia-Mihaela Albu. Cei prezen\u021bi au ascultat prezentarea acesteia \u0219i a unuia dintre elevii remarcabili ai \u0219colii, auditoriului fiindu-i proiectat \u0219i filmul documentar dedicat p\u0103rintelui Felea, alc\u0103tuit de Trinitas TV.<\/p>\n\n\n\n<figure class=\"wp-block-image size-full\"><img loading=\"lazy\" decoding=\"async\" width=\"768\" height=\"432\" src=\"https:\/\/elsteamsust.uav.ro\/wp-content\/uploads\/2025\/12\/image-7.jpeg\" alt=\"\" class=\"wp-image-974\" srcset=\"https:\/\/elsteamsust.uav.ro\/wp-content\/uploads\/2025\/12\/image-7.jpeg 768w, https:\/\/elsteamsust.uav.ro\/wp-content\/uploads\/2025\/12\/image-7-300x169.jpeg 300w\" sizes=\"auto, (max-width: 768px) 100vw, 768px\" \/><\/figure>\n\n\n\n<p>10. Elevii clasei a XI-a de la Liceul \u201eSever Bocu\u201d din Lipova, \u00eenso\u021bi\u021bi de profesorul lor de Religie Ortodox\u0103, Florin Bercea \u0219i de p\u0103rintele paroh Raul Mo\u021b de la Biserica Ortodox\u0103 din acest ora\u0219 au vizitat Facultatea de Teologie Ortodox\u0103 \u201eIlarion V. Felea\u201d din Arad precum \u0219i Paraclisul din incinta a\u0219ez\u0103m\u00e2ntului de cultur\u0103 teologic\u0103. Vizita aceasta vine ca un rod al parteneriatului dintre Biserica Ortodox\u0103 din Lipova \u0219i Liceul \u201eSever Bocu\u201d.<\/p>\n\n\n\n<p>&nbsp;&nbsp;&nbsp;&nbsp;&nbsp;&nbsp;&nbsp;&nbsp;&nbsp;&nbsp;&nbsp;&nbsp;&nbsp;&nbsp;&nbsp;&nbsp;&nbsp;&nbsp;Oaspe\u021bii au fost \u00eent\u00e2mpina\u021bi de c\u0103tre p\u0103rintele decan al Facult\u0103\u021bii, prof. univ. dr. Cristinel Ioja, care le-a adresat un cuv\u00e2nt de bun venit, vorbindu-le elevilor despre buna rela\u021bie dintre Biseric\u0103 \u0219i \u0218coal\u0103, pe care Aradul a cultivat-o \u00een decursul timpului. P\u0103rintele decan le-a d\u0103ruit apoi elevilor cartea de m\u0103rturii ale celor care l-au cunoscut pe Sf\u00e2ntul P\u0103rinte Ilarion Felea, canonizat anul acesta de c\u0103tre Patriarhia Rom\u00e2n\u0103, carte pe care Sfin\u021bia Sa a alc\u0103tuit-o.<\/p>\n\n\n\n<p>&nbsp;&nbsp;&nbsp;&nbsp;&nbsp;&nbsp;&nbsp;&nbsp;&nbsp;&nbsp;&nbsp;&nbsp;&nbsp;&nbsp;&nbsp;&nbsp;&nbsp;&nbsp;Mai apoi, P\u0103rintele conf. univ. dr. Lucian Farca\u0219iu i-a ivitat pe oaspe\u021bi \u00een Aula Facult\u0103\u021bii, unde le-a prezentat file din istoria bisecular\u0103 a acestei institu\u021bii de \u00eenv\u0103\u021b\u0103m\u00e2nt teologic ar\u0103dean, \u00eembiindu-le spre admira\u021bie fotografiile ierarhilor, dasc\u0103lilor \u0219i ctitorilor acestei \u0219coli teologice, ale c\u0103rei ob\u00e2r\u0219ii \u00eencep din anul 1822. Mai apoi P\u0103rintele profesor Lucian Farca\u0219iu le-a prezentat elevilor Biblioteca Facult\u0103\u021bii, Sala de lectur\u0103 precum \u0219i Cabinetul de muzic\u0103 bisericeasc\u0103.<\/p>\n\n\n\n<p>&nbsp;&nbsp;&nbsp;&nbsp;&nbsp;&nbsp;&nbsp;&nbsp;&nbsp;&nbsp;&nbsp;&nbsp;&nbsp;&nbsp;&nbsp;&nbsp;&nbsp;&nbsp;\u00cen curtea a\u0219ez\u0103m\u00e2ntului teologic a fost vizitat, mai apoi, Paraclisul \u0219i Altarul de var\u0103, \u00een care studen\u021bii teologi se formeaz\u0103 duhovnice\u0219te \u0219i \u00ee\u0219i desf\u0103\u0219oar\u0103 practica de specialitate. Aici li s-a prezentat elevilor erminia picturii sf\u00e2ntului loca\u0219, vorbindu-li-se \u0219i despre sfin\u021benia vie\u021bii \u0219i mucenicia P\u0103rintelui Ilarion Felea, ultimul Rector al Academiei Teologice din Arad \u00eenainte de desfiin\u021barea abuziv\u0103 a acesteia \u00een anul 1948 de c\u0103tre regimul comunist. Copiilor le-au fost \u00eemp\u0103r\u021bite icoane cu reprezentarea minunii \u00cenvierii Domnului, Praznic \u00een al c\u0103rui apropiere ne afl\u0103m.<\/p>\n\n\n\n<figure class=\"wp-block-image size-full\"><img loading=\"lazy\" decoding=\"async\" width=\"1000\" height=\"576\" src=\"https:\/\/elsteamsust.uav.ro\/wp-content\/uploads\/2025\/12\/image-8.jpeg\" alt=\"\" class=\"wp-image-975\" srcset=\"https:\/\/elsteamsust.uav.ro\/wp-content\/uploads\/2025\/12\/image-8.jpeg 1000w, https:\/\/elsteamsust.uav.ro\/wp-content\/uploads\/2025\/12\/image-8-300x173.jpeg 300w, https:\/\/elsteamsust.uav.ro\/wp-content\/uploads\/2025\/12\/image-8-768x442.jpeg 768w\" sizes=\"auto, (max-width: 1000px) 100vw, 1000px\" \/><\/figure>\n","protected":false},"excerpt":{"rendered":"<p>1. M\u0103rturii despre via\u021ba \u0219i activitatea Sf\u00e2ntul Preot Mucenic Ilarion Felea \u00eemp\u0103rt\u0103\u0219ite elevilor din Buteni &nbsp;&nbsp;&nbsp;&nbsp;&nbsp;&nbsp;&nbsp;&nbsp;&nbsp;&nbsp;&nbsp;&nbsp;&nbsp;&nbsp;&nbsp;&nbsp;&nbsp;&nbsp;\u00cen ziua de 22 octombrie 2025, Facultatea de Teologie Ortodox\u0103 \u201eIlarion V. Felea\u201d a Universit\u0103\u021bii \u201eAurel Vlaicu\u201d din Arad i-a avut ca oaspe\u021bi pe c\u00e2\u021biva &hellip; <a href=\"https:\/\/elsteamsust.uav.ro\/?page_id=395\">Continue reading <span class=\"meta-nav\">&rarr;<\/span><\/a><\/p>\n","protected":false},"author":1,"featured_media":0,"parent":27,"menu_order":0,"comment_status":"closed","ping_status":"closed","template":"","meta":{"footnotes":""},"class_list":["post-395","page","type-page","status-publish","hentry"],"_links":{"self":[{"href":"https:\/\/elsteamsust.uav.ro\/index.php?rest_route=\/wp\/v2\/pages\/395","targetHints":{"allow":["GET"]}}],"collection":[{"href":"https:\/\/elsteamsust.uav.ro\/index.php?rest_route=\/wp\/v2\/pages"}],"about":[{"href":"https:\/\/elsteamsust.uav.ro\/index.php?rest_route=\/wp\/v2\/types\/page"}],"author":[{"embeddable":true,"href":"https:\/\/elsteamsust.uav.ro\/index.php?rest_route=\/wp\/v2\/users\/1"}],"replies":[{"embeddable":true,"href":"https:\/\/elsteamsust.uav.ro\/index.php?rest_route=%2Fwp%2Fv2%2Fcomments&post=395"}],"version-history":[{"count":4,"href":"https:\/\/elsteamsust.uav.ro\/index.php?rest_route=\/wp\/v2\/pages\/395\/revisions"}],"predecessor-version":[{"id":978,"href":"https:\/\/elsteamsust.uav.ro\/index.php?rest_route=\/wp\/v2\/pages\/395\/revisions\/978"}],"up":[{"embeddable":true,"href":"https:\/\/elsteamsust.uav.ro\/index.php?rest_route=\/wp\/v2\/pages\/27"}],"wp:attachment":[{"href":"https:\/\/elsteamsust.uav.ro\/index.php?rest_route=%2Fwp%2Fv2%2Fmedia&parent=395"}],"curies":[{"name":"wp","href":"https:\/\/api.w.org\/{rel}","templated":true}]}}