{"id":391,"date":"2025-09-30T08:09:18","date_gmt":"2025-09-30T08:09:18","guid":{"rendered":"https:\/\/elsteamsust.uav.ro\/?page_id=391"},"modified":"2026-04-24T10:10:35","modified_gmt":"2026-04-24T10:10:35","slug":"fsex","status":"publish","type":"page","link":"https:\/\/elsteamsust.uav.ro\/?page_id=391","title":{"rendered":"Facultatea de \u0218tiin\u021be Exacte"},"content":{"rendered":"\n<p><strong>24.09.2025 Prezentari la doua clase de liceu Colegiul National \u201cElena Ghiba Birta\u201d, Arad<\/strong><\/p>\n\n\n\n<p>Cele 3 prezentari au fost:<\/p>\n\n\n\n<ul class=\"wp-block-list\">\n<li>&#8211; \u201eCriptografia pentru to\u021bi. Cum s\u0103 explic\u0103m elevilor de liceu\/gimnaziu concepte abstracte \u0219i complexe din criptologie\u201d \u2013 sus\u021binut\u0103 de Vlad Dr\u0103goi<\/li>\n\n\n\n<li>&#8211; \u201eUn secol cuantic: 1925\u20132025\u201d \u2013 prezentat\u0103 de Adrian Palcu<\/li>\n\n\n\n<li>&#8211; \u201eAI on top of the world!\u201d \u2013 sus\u021binut\u0103 de Valeriu Beiu<\/li>\n<\/ul>\n\n\n\n<p>Postare Facebook:<\/p>\n\n\n\n<p><a href=\"https:\/\/www.facebook.com\/share\/p\/1CqtUuKpCK\/\">\u0218tiin\u021ba mai aproape de tineri \u2013 Un nou pas \u00een popularizarea \u0219tiin\u021bei la UAV<\/a>&nbsp;<\/p>\n\n\n\n<p>La Universitatea \u201eAurel Vlaicu\u201d din Arad, credem c\u0103 \u0219tiin\u021ba trebuie s\u0103 fie accesibil\u0103 tuturor \u2013 nu doar cercet\u0103torilor sau speciali\u0219tilor. \u00cen cadrul proiectului nostru dedicat populariz\u0103rii \u0219tiin\u021bei, am avut bucuria de a interac\u021biona cu elevii de la Colegiul Na\u021bional \u201eElena Ghiba Birta\u201d Arad, \u00eentr-o serie de activit\u0103\u021bi menite s\u0103 aduc\u0103 cercetarea mai aproape de ei.<\/p>\n\n\n\n<p>Profesori ai Facult\u0103\u021bii de \u0218tiin\u021be Exacte au sus\u021binut prezent\u0103ri interactive \u0219i captivante, menite s\u0103 explice concepte complexe \u00eentr-un mod clar \u0219i atractiv:<\/p>\n\n\n\n<p>\u201eCriptografia pentru to\u021bi. Cum s\u0103 explic\u0103m elevilor de liceu\/gimnaziu concepte abstracte \u0219i complexe din criptologie\u201d \u2013 sus\u021binut\u0103 de Vlad Dr\u0103goi<\/p>\n\n\n\n<p>\u201eUn secol cuantic: 1925\u20132025\u201d \u2013 prezentat\u0103 de Adrian Palcu<\/p>\n\n\n\n<p>\u201eAI on top of the world!\u201d \u2013 sus\u021binut\u0103 de Valeriu Beiu<\/p>\n\n\n\n<p>Activit\u0103\u021bile s-au desf\u0103\u0219urat cu participarea activ\u0103 a elevilor din clasele a XI-a \u0219i a XII-a, sub \u00eendrumarea doamnelor profesoare Flavia Eger\u0103u \u0219i Laura Putnic.<\/p>\n\n\n\n<p>Mai multe detalii despre proiect \u0219i activit\u0103\u021bile desf\u0103\u0219urate pot fi g\u0103site pe site-ul oficial: <a href=\"https:\/\/e\">https:\/\/elsteamsust.uav.ro\/<\/a><\/p>\n\n\n\n<p><strong>25.09.2025 Prezentari la doua clase de liceu Colegiul National Preparandia \u201cDimitrie Tichindeal\u201d Arad<\/strong><\/p>\n\n\n\n<p>Cele 3 prezentari au fost:<\/p>\n\n\n\n<ul class=\"wp-block-list\">\n<li>&#8211; \u201eCriptografia pentru to\u021bi. Cum s\u0103 explic\u0103m elevilor de liceu\/gimnaziu concepte abstracte \u0219i complexe din criptologie\u201d \u2013 sus\u021binut\u0103 de Vlad Dr\u0103goi<\/li>\n\n\n\n<li>&#8211; \u201eUn secol cuantic: 1925\u20132025\u201d \u2013 prezentat\u0103 de Adrian Palcu<\/li>\n\n\n\n<li>&#8211; \u201eAI on top of the world!\u201d \u2013 sus\u021binut\u0103 de Valeriu Beiu<\/li>\n<\/ul>\n\n\n\n<p><strong>30.09.2025 Prezentari la clase de ciclul primar Liceul National de Informatica Arad<\/strong><\/p>\n\n\n\n<p><strong>Au prezentat: Claudia Mihit, Mot Ghiocel, Sida Lavinia si Stoica Codruta \u201cDrag de Matematica noastra!\u201d.&nbsp;<\/strong><\/p>\n\n\n\n<p>Prezentari:&nbsp;<\/p>\n\n\n\n<p>&#8220;Probleme distractive de matematic\u0103 \u0219i logic\u0103&#8221;<\/p>\n\n\n\n<p>&#8220;Probleme celebre de matematic\u0103 din operele unor personalit\u0103\u021bi&#8221;<\/p>\n\n\n\n<p><strong>Clasele:<\/strong><\/p>\n\n\n\n<ul class=\"wp-block-list\">\n<li>Moraru Daciana &#8211; clasa a 9-a A<\/li>\n\n\n\n<li>Pellegrini Lilla &#8211; clasa a 7- E<\/li>\n\n\n\n<li>Popa Simina &#8211; clasa a 8- C<\/li>\n\n\n\n<li>Tudorescu Loredana &#8211; clasa a 8- a B<\/li>\n\n\n\n<li>Schnacovszki C\u0103t\u0103lina &#8211; clasa a 9- C<\/li>\n\n\n\n<li>Alexa Titiana &#8211; clasa a 10-a B<\/li>\n\n\n\n<li>Nasui Alina &#8211; IB<\/li>\n\n\n\n<li>Muntoiu Nicoleta &#8211; IC<\/li>\n\n\n\n<li>Prodan Anca &#8211; IVB<\/li>\n\n\n\n<li>Balaci Otilia &#8211; IVC<\/li>\n\n\n\n<li>Tocaci Adriana &#8211; P<\/li>\n\n\n\n<li>Nadaban Ioana &#8211; III<\/li>\n\n\n\n<li>Selegean Mihaela &#8211; IV<\/li>\n\n\n\n<li>Ilie Adriana &#8211; III<\/li>\n\n\n\n<li>Covaci Diana &#8211; II<\/li>\n\n\n\n<li>Pop Ribana &#8211; II<\/li>\n\n\n\n<li>Caracioni Claudia &#8211; II<\/li>\n\n\n\n<li>Ionica Cristina \u2013 III<\/li>\n<\/ul>\n\n\n\n<p><strong>\u0218tiin\u021ba \u00een \u0218coli \u2013 edi\u021bia dedicat\u0103 matematicii<\/strong> \u2728<\/p>\n\n\n\n<p>De data aceasta, tema \u00eent\u00e2lnirilor noastre a fost \u201eDrag de matematica noastr\u0103!\u201d.<\/p>\n\n\n\n<p><br>Postare Facebook:<\/p>\n\n\n\n<p><a href=\"https:\/\/www.facebook.com\/share\/p\/14PGYQbZzj5\/\"><img loading=\"lazy\" decoding=\"async\" height=\"16\" width=\"16\" src=\"https:\/\/static.xx.fbcdn.net\/images\/emoji.php\/v9\/t75\/2\/16\/2728.png\" alt=\"\u2728\"> \u0218tiin\u021ba \u00een \u0218coli \u2013 edi\u021bia dedicat\u0103 matematicii <img loading=\"lazy\" decoding=\"async\" height=\"16\" width=\"16\" src=\"https:\/\/static.xx.fbcdn.net\/images\/emoji.php\/v9\/t75\/2\/16\/2728.png\" alt=\"\u2728\"><\/a><\/p>\n\n\n\n<p><br>Colegii no\u0219tri \u2013 Lavinia Sida, Claudia Mihit, Ghiocel Mo\u021b \u0219i Codru\u021ba Stoica, cadre didactice \u0219i de cercetare din cadrul Facult\u0103\u021bii de \u0218tiin\u021be Exacte UAV \u2013 au dus bucuria descoperirii \u00een s\u0103lile de clas\u0103 ale Liceului Na\u021bional de Informatic\u0103.<\/p>\n\n\n\n<p>\ud83d\udcda Elevii din clasele primare au fost inspira\u021bi \u0219i sprijini\u021bi de profesorii lor dedica\u021bi: N\u0103\u0219ui Alina, Muntoiu Nicoleta, Prodan Anca , Balaci Otilia, Tocaci Adriana, N\u0103d\u0103ban Ioana, Selegean Mihaela, Ilie Adriana, Covaci Diana, Pop Ribana, Caracioni Claudia, Ionica Cristina.<\/p>\n\n\n\n<p>Mul\u021bumim tuturor pentru implicare \u0219i pentru energia frumoas\u0103 cu care a\u021bi f\u0103cut matematica s\u0103 fie mai aproape de cei mici! \ud83d\udc99<\/p>\n\n\n\n<p><strong>08.10.2025 &#8211; \u0218tiin\u021ba \u00een \u0218coli \u2013 activit\u0103\u021bi educative la \u0218coala Gimnazial\u0103 Buteni \u2013 Gabriel Brola<br><\/strong>Ast\u0103zi, trei cadre didactice ale Facult\u0103\u021bii de \u0218tiin\u021be Exacte din cadrul Universit\u0103\u021bii \u201eAurel Vlaicu\u201d din Arad \u2013 Vlad Dr\u0103goi, Ghiocel Mo\u021b \u0219i Lavinia Sida \u2013 au desf\u0103\u0219urat o serie de activit\u0103\u021bi captivante \u00een cadrul proiectului \u0218tiin\u021ba \u00een \u0218coli.<br>\ud83d\udc69\u200d\ud83c\udfeb Echipa noastr\u0103 a fost primit\u0103 cu mult\u0103 c\u0103ldur\u0103 de doamna director Sorina Laz\u0103r \u0219i de cadrele didactice Mer\u0219ca Ramona, Ciama Paula, One\u021biu Oana, Cev C\u0103t\u0103lin \u0219i Lu\u0219trea Daniela.<br>\u00cen prima parte a zilei, elevii au avut ocazia s\u0103 afle lucruri fascinante despre criptografie \u0219i matematic\u0103, \u00eentr-un mod interactiv \u0219i accesibil. Apoi, au urmat ateliere practice destinate elevilor din clasele a IV-a, a V-a, a VI-a \u0219i a VII-a:<br>\ud83e\udde9 Vlad Dr\u0103goi \u2013 Jocuri interactive de spargere a unui criptotext, folosind P\u0103tratul Polybius \u0219i o criptare de tip Cezar;<br>\u2797 Ghiocel Mo\u021b \u0219i Lavinia Sida \u2013 Fun Math Workshops, cu probleme inedite \u0219i activit\u0103\u021bi menite s\u0103 arate c\u0103 matematica poate fi \u0219i distractiv\u0103!<br>Mul\u021bumim gazdelor noastre pentru primirea deosebit\u0103 \u0219i implicarea activ\u0103 \u00een promovarea \u0219tiin\u021bei \u00een r\u00e2ndul celor mici! \ud83d\ude4f<br>\ud83c\udf10 Mai multe despre proiectul \u0218tiin\u021ba \u00een \u0218coli pute\u021bi afla pe site-ul oficial: https:\/\/elsteamsust.uav.ro\/<br>Postare Facebook:<br><a href=\"https:\/\/www.facebook.com\/share\/p\/17RcEZfv3J\/\">\ud83d\udcda\ud83d\udd2c Activit\u0103\u021bi educative la \u0218coala Gimnazial\u0103 Buteni<\/a><\/p>\n\n\n\n<p><strong>23.03.2026 &#8211; \u0218tiin\u021ba \u00een \u0218coli la Colegiul National Preparandia \u201cDimitrie Tichindeal\u201d Arad<\/strong><br>O nou\u0103 activitate inspira\u021bional\u0103 din cadrul proiectului\u00a0<em>\u0218tiin\u021ba \u00een \u0218coli<\/em>\u00a0a adus mult\u0103 curiozitate \u0219i entuziasm \u00een sala de clas\u0103! \ud83d\ude80<br>Colegul nostru Vlad Dr\u0103goi a preg\u0103tit o sesiune creativ\u0103 \u0219i captivant\u0103 pentru elevii Clasei Preg\u0103titoare B de la Colegiul Na\u021bional Preparandia \u201eDimitrie \u021aichindeal\u201d, coordona\u021bi de doamna prof. \u00eenv. primar Mot Maria.<br>Micii elevi au descoperit cum determin\u0103 calculatoarele num\u0103rul maxim dintr-o secven\u021b\u0103 \u0219i nu s-au oprit aici! \u26a1 Ei au \u00een\u021beles rapid conceptul \u0219i au reu\u0219it apoi s\u0103 aplice singuri un algoritm simplu de sortare. \u00cenv\u0103\u021barea prin joc \u0219i explorare a f\u0103cut ca experien\u021ba s\u0103 fie at\u00e2t eficient\u0103, c\u00e2t \u0219i foarte distractiv\u0103.<br>Aceast\u0103 activitate arat\u0103 \u00eenc\u0103 o dat\u0103 cum proiectul sus\u021bine cu succes educa\u021bia STEAM, at\u00e2t la nivel primar, c\u00e2t \u0219i liceal, dezvolt\u00e2nd g\u00e2ndirea logic\u0103 \u0219i abilit\u0103\u021bile de rezolvare a problemelor \u00eenc\u0103 de la v\u00e2rste mici. \ud83d\udc69\u200d\ud83d\udcbb\ud83d\udc68\u200d\ud83d\udcbb<br>Ne bucur\u0103m s\u0103 vedem at\u00e2t de mult entuziasm \u0219i progres!<br><a href=\"https:\/\/www.facebook.com\/share\/v\/1JKGc5t9Uu\/\">\ud83d\udc49\ud83d\udc49Mai multe detalii aici!<\/a><\/p>\n\n\n\n<p><strong>21.04.2026 &#8211; Viitorul se construie\u0219te azi! <img loading=\"lazy\" decoding=\"async\" height=\"16\" width=\"16\" src=\"https:\/\/static.xx.fbcdn.net\/images\/emoji.php\/v9\/t65\/2\/16\/1f680.png\" alt=\"\ud83d\ude80\"><\/strong><br>Am avut pl\u0103cerea s\u0103 primim vizita unei genera\u021bii pline de entuziasm! Elevii clasei a IX-a (Mate-Info) de la Liceul Teoretic Sebi\u0219, \u00eenso\u021bi\u021bi de doamna profesoar\u0103 Costea Angela Delia, ne-au trecut pragul laboratoarelor \u00een cadrul proiectului \u201e\u0218tiin\u021b\u0103 \u00een \u0218coli\u201d.<br>Ce am f\u0103cut \u00eempreun\u0103?<br><img loading=\"lazy\" decoding=\"async\" height=\"16\" width=\"16\" src=\"https:\/\/static.xx.fbcdn.net\/images\/emoji.php\/v9\/t92\/2\/16\/1f539.png\" alt=\"\ud83d\udd39\"> Am explorat laboratoarele facult\u0103\u021bii \u0219i am v\u0103zut unde se na\u0219te inova\u021bia.<br><img loading=\"lazy\" decoding=\"async\" height=\"16\" width=\"16\" src=\"https:\/\/static.xx.fbcdn.net\/images\/emoji.php\/v9\/t92\/2\/16\/1f539.png\" alt=\"\ud83d\udd39\"> Am vorbit despre ce \u00eenseamn\u0103 cu adev\u0103rat via\u021ba de student \u0219i provoc\u0103rile ei faine.<br><img loading=\"lazy\" decoding=\"async\" height=\"16\" width=\"16\" src=\"https:\/\/static.xx.fbcdn.net\/images\/emoji.php\/v9\/t92\/2\/16\/1f539.png\" alt=\"\ud83d\udd39\"> Am dezb\u0103tut temele de cercetare actuale \u0219i cum pot ele schimba lumea.<br><img loading=\"lazy\" decoding=\"async\" height=\"16\" width=\"16\" src=\"https:\/\/static.xx.fbcdn.net\/images\/emoji.php\/v9\/t92\/2\/16\/1f539.png\" alt=\"\ud83d\udd39\"> Am analizat oportunit\u0103\u021bile pentru o carier\u0103 de succes \u00een domeniul STEM.<br>Energia lor ne confirm\u0103 c\u0103 \u0219tiin\u021ba este pe m\u00e2ini bune! V\u0103 a\u0219tept\u0103m cu drag s\u0103 deveni\u021bi, \u00een cur\u00e2nd, colegii no\u0219tri mai tineri. <img loading=\"lazy\" decoding=\"async\" height=\"16\" width=\"16\" src=\"https:\/\/static.xx.fbcdn.net\/images\/emoji.php\/v9\/tc4\/2\/16\/1f393.png\" alt=\"\ud83c\udf93\"><br><br><\/p>\n\n\n\n<p><\/p>\n\n\n\n<p><\/p>\n\n\n\n<p><\/p>\n","protected":false},"excerpt":{"rendered":"<p>24.09.2025 Prezentari la doua clase de liceu Colegiul National \u201cElena Ghiba Birta\u201d, Arad Cele 3 prezentari au fost: Postare Facebook: \u0218tiin\u021ba mai aproape de tineri \u2013 Un nou pas \u00een popularizarea \u0219tiin\u021bei la UAV&nbsp; La Universitatea \u201eAurel Vlaicu\u201d din Arad, &hellip; <a href=\"https:\/\/elsteamsust.uav.ro\/?page_id=391\">Continue reading <span class=\"meta-nav\">&rarr;<\/span><\/a><\/p>\n","protected":false},"author":1,"featured_media":0,"parent":27,"menu_order":0,"comment_status":"closed","ping_status":"closed","template":"","meta":{"footnotes":""},"class_list":["post-391","page","type-page","status-publish","hentry"],"_links":{"self":[{"href":"https:\/\/elsteamsust.uav.ro\/index.php?rest_route=\/wp\/v2\/pages\/391","targetHints":{"allow":["GET"]}}],"collection":[{"href":"https:\/\/elsteamsust.uav.ro\/index.php?rest_route=\/wp\/v2\/pages"}],"about":[{"href":"https:\/\/elsteamsust.uav.ro\/index.php?rest_route=\/wp\/v2\/types\/page"}],"author":[{"embeddable":true,"href":"https:\/\/elsteamsust.uav.ro\/index.php?rest_route=\/wp\/v2\/users\/1"}],"replies":[{"embeddable":true,"href":"https:\/\/elsteamsust.uav.ro\/index.php?rest_route=%2Fwp%2Fv2%2Fcomments&post=391"}],"version-history":[{"count":8,"href":"https:\/\/elsteamsust.uav.ro\/index.php?rest_route=\/wp\/v2\/pages\/391\/revisions"}],"predecessor-version":[{"id":1245,"href":"https:\/\/elsteamsust.uav.ro\/index.php?rest_route=\/wp\/v2\/pages\/391\/revisions\/1245"}],"up":[{"embeddable":true,"href":"https:\/\/elsteamsust.uav.ro\/index.php?rest_route=\/wp\/v2\/pages\/27"}],"wp:attachment":[{"href":"https:\/\/elsteamsust.uav.ro\/index.php?rest_route=%2Fwp%2Fv2%2Fmedia&parent=391"}],"curies":[{"name":"wp","href":"https:\/\/api.w.org\/{rel}","templated":true}]}}