{"id":31,"date":"2025-09-01T10:54:07","date_gmt":"2025-09-01T10:54:07","guid":{"rendered":"https:\/\/cpps-cancer.uav.ro\/?page_id=31"},"modified":"2025-12-03T16:04:24","modified_gmt":"2025-12-03T16:04:24","slug":"follow-us","status":"publish","type":"page","link":"https:\/\/elsteamsust.uav.ro\/?page_id=31","title":{"rendered":"Follow Us"},"content":{"rendered":"\n<ol class=\"wp-block-list\">\n<li><strong>\u0218tiin\u021ba vine \u00een \u0219coal\u0103!<\/strong>&nbsp;\u2013 Elevii de la Colegiul Na\u021bional \u201eVasile Goldi\u0219\u201d din Arad au (re)descoperit \u0219tiin\u021ba \u00een laboratoarele UAV, al\u0103turi de cercet\u0103torii no\u0219tri.<br>\ud83d\udc49&nbsp;<em>Vezi galeria foto \u0219i detalii pe&nbsp;<a href=\"https:\/\/www.facebook.com\/UAV.Arad\/posts\/pfbid02cAUYViY7ZBog4NgPASc3CLWcqdyd7XGofvvHWGzkqM2ZWajSVGnebvRwXE2CDxS4l\">Facebook-ul Universit\u0103\u021bii \u201eAurel Vlaicu\u201d din Arad<\/a><\/em> si pe <em><a href=\"https:\/\/www.instagram.com\/p\/DOrCYYgDRNL\/?utm_source=ig_web_copy_link&amp;igsh=MzRlODBiNWFlZA==\">Instagram<\/a><\/em>.<\/li>\n\n\n\n<li><strong>Noaptea cercet\u0103torilor europeni &#8211; UAV 2025!<\/strong> &#8211; organizat\u0103 de UAV, a captivat tineri \u0219i adul\u021bi ce au venit s\u0103 petreac\u0103 c\u00e2teva ore \u00een mijlocul experimentelor!<br>\ud83d\udc49&nbsp;<em>Vezi galeria foto \u0219i detalii pe<em>&nbsp;<a href=\"https:\/\/www.facebook.com\/share\/p\/1AmL9pd7KV\/\">Facebook-ul Universit\u0103\u021bii \u201eAurel Vlaicu\u201d din Arad<\/a><\/em> si pe <em><a href=\"https:\/\/www.instagram.com\/p\/DPHW5O3jIgd\/?utm_source=ig_web_copy_link&amp;igsh=MzRlODBiNWFlZA==\">Instagram<\/a><\/em>.<\/em><\/li>\n\n\n\n<li><strong>\u0218tiin\u021ba mai aproape de tineri <\/strong>\u2013 Un nou pas \u00een popularizarea \u0219tiin\u021bei la UAV!<br>\ud83d\udc49&nbsp;<em>Vezi galeria foto \u0219i detalii pe<em>&nbsp;<a href=\"https:\/\/www.facebook.com\/share\/p\/1CqtUuKpCK\/\">Facebook-ul Universit\u0103\u021bii \u201eAurel Vlaicu\u201d din Arad<\/a><\/em><\/em><\/li>\n\n\n\n<li><strong>\u201eDrag de matematica noastr\u0103!\u201d &#8211; UAV 2025<\/strong> \u2013 edi\u021bia dedicat\u0103 matematicii <br>\ud83d\udc49&nbsp;<em>Vezi galeria foto \u0219i detalii pe<em>&nbsp;<a href=\"https:\/\/www.facebook.com\/share\/p\/14PGYQbZzj5\/\">Facebook-ul Universit\u0103\u021bii \u201eAurel Vlaicu\u201d din Arad<\/a><\/em><\/em><\/li>\n\n\n\n<li><strong>\u0218tiin\u021ba \u00een \u0218coli <\/strong>\u2013 edi\u021bia dedicat\u0103 sportului \u0219i performan\u021bei sportive!<br>\ud83d\udc49&nbsp;<em>Vezi galeria foto \u0219i detalii pe<\/em> site\u2010ul <em><a href=\"https:\/\/educatiefizica.uav.ro\/prezentare\/evenimente\/\u0219tiin\u021ba-\u00een-\u0219coli-edi\u021bia-dedicat\u0103-sportului-\u0219i-performan\u021bei-sportive\">Facult\u0103\u021bii de Educa\u021bie Fizic\u0103 \u0219i Sport!<\/a><\/em><\/li>\n\n\n\n<li><strong>\u0218tiin\u021ba \u00een \u0218coli <\/strong>\u2013 Tainele mixologiei!<br>\ud83d\udc49\u00a0<em>Vezi galeria foto \u0219i detalii pe<\/em> <a href=\"https:\/\/www.facebook.com\/share\/p\/1BShFbRTGu\/\">Facebook<\/a>!<\/li>\n<\/ol>\n\n\n\n<p><\/p>\n","protected":false},"excerpt":{"rendered":"","protected":false},"author":1,"featured_media":0,"parent":0,"menu_order":0,"comment_status":"closed","ping_status":"closed","template":"","meta":{"footnotes":""},"class_list":["post-31","page","type-page","status-publish","hentry"],"_links":{"self":[{"href":"https:\/\/elsteamsust.uav.ro\/index.php?rest_route=\/wp\/v2\/pages\/31","targetHints":{"allow":["GET"]}}],"collection":[{"href":"https:\/\/elsteamsust.uav.ro\/index.php?rest_route=\/wp\/v2\/pages"}],"about":[{"href":"https:\/\/elsteamsust.uav.ro\/index.php?rest_route=\/wp\/v2\/types\/page"}],"author":[{"embeddable":true,"href":"https:\/\/elsteamsust.uav.ro\/index.php?rest_route=\/wp\/v2\/users\/1"}],"replies":[{"embeddable":true,"href":"https:\/\/elsteamsust.uav.ro\/index.php?rest_route=%2Fwp%2Fv2%2Fcomments&post=31"}],"version-history":[{"count":39,"href":"https:\/\/elsteamsust.uav.ro\/index.php?rest_route=\/wp\/v2\/pages\/31\/revisions"}],"predecessor-version":[{"id":941,"href":"https:\/\/elsteamsust.uav.ro\/index.php?rest_route=\/wp\/v2\/pages\/31\/revisions\/941"}],"wp:attachment":[{"href":"https:\/\/elsteamsust.uav.ro\/index.php?rest_route=%2Fwp%2Fv2%2Fmedia&parent=31"}],"curies":[{"name":"wp","href":"https:\/\/api.w.org\/{rel}","templated":true}]}}